{"id":36,"date":"2022-04-24T18:04:18","date_gmt":"2022-04-24T16:04:18","guid":{"rendered":"http:\/\/aecmm.fr\/?page_id=36"},"modified":"2025-11-11T21:29:15","modified_gmt":"2025-11-11T20:29:15","slug":"vos-representants","status":"publish","type":"page","link":"https:\/\/aecmm.fr\/index.php\/vos-representants\/","title":{"rendered":"VOS REPRESENTANTS"},"content":{"rendered":"<h6><strong>Votre Amicale est g\u00e9r\u00e9e par des administrateurs \u00e9lus tous les 2 ans par moiti\u00e9 par l\u2019ensemble des adh\u00e9rents.<\/strong><br \/>\n<strong>Son statut Juridiquement est celui d&rsquo;une Association d\u00e9clar\u00e9e \u00e0 la Pr\u00e9fecture des Bouches du Rh\u00f4ne (loi 1901).<\/strong><\/h6>\n<pre><strong><em>Pr\u00e9sentation des membres lors de l'AG du 30 Mars 2025 ( \u00e0 Bellegarde (30)<\/em><\/strong> )\r\n\r\n<strong>LE BUREAU  <\/strong>\r\nPr\u00e9sident          <strong>Jean DE SANCTIS<\/strong>           Secteur Centre Ouest     \r\nVice Pr\u00e9sidente    <strong>Zohra SEFIANE<\/strong>             Secteur Est                 \r\nTr\u00e9sorier          <strong>Bernard CHABERT<\/strong>           Secteur Ouest  \r\nSecr\u00e9taire         <strong>Jean Claude CATHALIFAUD<\/strong>   Secteur Var\r\n\r\n<strong>AUTRES MEMBRES DU CONSEIL D\u2019ADMINISTRATION <\/strong>         \r\n<strong>Raouf AZZOUZ<\/strong>              Secteur Ouest\r\n<strong>Anne-Marie BARTHELEMY<\/strong>     Secteur Est\r\n<strong>Jean Pierre NIVET<\/strong>         Secteur Centre Est\r\n<a href=\"https:\/\/aecmm.fr\/wp-content\/uploads\/2024\/04\/IMG_20240407_145821.jpg\">https:\/\/aecmm.fr\/wp-content\/uploads\/2024\/04\/IMG_20240407_145821.jpg<\/a><\/pre>\n","protected":false},"excerpt":{"rendered":"<p>Votre Amicale est g\u00e9r\u00e9e par des administrateurs \u00e9lus tous les 2 ans par moiti\u00e9 par l\u2019ensemble des adh\u00e9rents. Son statut &hellip; <\/p>\n","protected":false},"author":1,"featured_media":0,"parent":0,"menu_order":4,"comment_status":"closed","ping_status":"closed","template":"","meta":{"footnotes":""},"yoast_head":"<!-- This site is optimized with the Yoast SEO plugin v18.0 - https:\/\/yoast.com\/wordpress\/plugins\/seo\/ -->\n<title>VOS REPRESENTANTS - AECMM<\/title>\n<meta name=\"robots\" content=\"index, follow, max-snippet:-1, max-image-preview:large, max-video-preview:-1\" \/>\n<link rel=\"canonical\" href=\"https:\/\/aecmm.fr\/index.php\/vos-representants\/\" \/>\n<meta property=\"og:locale\" content=\"fr_FR\" \/>\n<meta property=\"og:type\" content=\"article\" \/>\n<meta property=\"og:title\" content=\"VOS REPRESENTANTS - AECMM\" \/>\n<meta property=\"og:description\" content=\"Votre Amicale est g\u00e9r\u00e9e par des administrateurs \u00e9lus tous les 2 ans par moiti\u00e9 par l\u2019ensemble des adh\u00e9rents. Son statut &hellip;\" \/>\n<meta property=\"og:url\" content=\"https:\/\/aecmm.fr\/index.php\/vos-representants\/\" \/>\n<meta property=\"og:site_name\" content=\"AECMM\" \/>\n<meta property=\"article:modified_time\" content=\"2025-11-11T20:29:15+00:00\" \/>\n<meta name=\"twitter:card\" content=\"summary_large_image\" \/>\n<meta name=\"twitter:label1\" content=\"Dur\u00e9e de lecture estim\u00e9e\" \/>\n\t<meta name=\"twitter:data1\" content=\"1 minute\" \/>\n<script type=\"application\/ld+json\" class=\"yoast-schema-graph\">{\"@context\":\"https:\/\/schema.org\",\"@graph\":[{\"@type\":\"WebSite\",\"@id\":\"https:\/\/aecmm.fr\/#website\",\"url\":\"https:\/\/aecmm.fr\/\",\"name\":\"AECMM\",\"description\":\"L&#039;Amicale des \u00e9lus de la F\u00e9d\u00e9ration du CMM\",\"potentialAction\":[{\"@type\":\"SearchAction\",\"target\":{\"@type\":\"EntryPoint\",\"urlTemplate\":\"https:\/\/aecmm.fr\/?s={search_term_string}\"},\"query-input\":\"required name=search_term_string\"}],\"inLanguage\":\"fr-FR\"},{\"@type\":\"WebPage\",\"@id\":\"https:\/\/aecmm.fr\/index.php\/vos-representants\/#webpage\",\"url\":\"https:\/\/aecmm.fr\/index.php\/vos-representants\/\",\"name\":\"VOS REPRESENTANTS - AECMM\",\"isPartOf\":{\"@id\":\"https:\/\/aecmm.fr\/#website\"},\"datePublished\":\"2022-04-24T16:04:18+00:00\",\"dateModified\":\"2025-11-11T20:29:15+00:00\",\"breadcrumb\":{\"@id\":\"https:\/\/aecmm.fr\/index.php\/vos-representants\/#breadcrumb\"},\"inLanguage\":\"fr-FR\",\"potentialAction\":[{\"@type\":\"ReadAction\",\"target\":[\"https:\/\/aecmm.fr\/index.php\/vos-representants\/\"]}]},{\"@type\":\"BreadcrumbList\",\"@id\":\"https:\/\/aecmm.fr\/index.php\/vos-representants\/#breadcrumb\",\"itemListElement\":[{\"@type\":\"ListItem\",\"position\":1,\"name\":\"Accueil\",\"item\":\"https:\/\/aecmm.fr\/\"},{\"@type\":\"ListItem\",\"position\":2,\"name\":\"VOS REPRESENTANTS\"}]}]}<\/script>\n<!-- \/ Yoast SEO plugin. -->","yoast_head_json":{"title":"VOS REPRESENTANTS - AECMM","robots":{"index":"index","follow":"follow","max-snippet":"max-snippet:-1","max-image-preview":"max-image-preview:large","max-video-preview":"max-video-preview:-1"},"canonical":"https:\/\/aecmm.fr\/index.php\/vos-representants\/","og_locale":"fr_FR","og_type":"article","og_title":"VOS REPRESENTANTS - AECMM","og_description":"Votre Amicale est g\u00e9r\u00e9e par des administrateurs \u00e9lus tous les 2 ans par moiti\u00e9 par l\u2019ensemble des adh\u00e9rents. Son statut &hellip;","og_url":"https:\/\/aecmm.fr\/index.php\/vos-representants\/","og_site_name":"AECMM","article_modified_time":"2025-11-11T20:29:15+00:00","twitter_card":"summary_large_image","twitter_misc":{"Dur\u00e9e de lecture estim\u00e9e":"1 minute"},"schema":{"@context":"https:\/\/schema.org","@graph":[{"@type":"WebSite","@id":"https:\/\/aecmm.fr\/#website","url":"https:\/\/aecmm.fr\/","name":"AECMM","description":"L&#039;Amicale des \u00e9lus de la F\u00e9d\u00e9ration du CMM","potentialAction":[{"@type":"SearchAction","target":{"@type":"EntryPoint","urlTemplate":"https:\/\/aecmm.fr\/?s={search_term_string}"},"query-input":"required name=search_term_string"}],"inLanguage":"fr-FR"},{"@type":"WebPage","@id":"https:\/\/aecmm.fr\/index.php\/vos-representants\/#webpage","url":"https:\/\/aecmm.fr\/index.php\/vos-representants\/","name":"VOS REPRESENTANTS - AECMM","isPartOf":{"@id":"https:\/\/aecmm.fr\/#website"},"datePublished":"2022-04-24T16:04:18+00:00","dateModified":"2025-11-11T20:29:15+00:00","breadcrumb":{"@id":"https:\/\/aecmm.fr\/index.php\/vos-representants\/#breadcrumb"},"inLanguage":"fr-FR","potentialAction":[{"@type":"ReadAction","target":["https:\/\/aecmm.fr\/index.php\/vos-representants\/"]}]},{"@type":"BreadcrumbList","@id":"https:\/\/aecmm.fr\/index.php\/vos-representants\/#breadcrumb","itemListElement":[{"@type":"ListItem","position":1,"name":"Accueil","item":"https:\/\/aecmm.fr\/"},{"@type":"ListItem","position":2,"name":"VOS REPRESENTANTS"}]}]}},"jetpack_sharing_enabled":true,"_links":{"self":[{"href":"https:\/\/aecmm.fr\/index.php\/wp-json\/wp\/v2\/pages\/36"}],"collection":[{"href":"https:\/\/aecmm.fr\/index.php\/wp-json\/wp\/v2\/pages"}],"about":[{"href":"https:\/\/aecmm.fr\/index.php\/wp-json\/wp\/v2\/types\/page"}],"author":[{"embeddable":true,"href":"https:\/\/aecmm.fr\/index.php\/wp-json\/wp\/v2\/users\/1"}],"replies":[{"embeddable":true,"href":"https:\/\/aecmm.fr\/index.php\/wp-json\/wp\/v2\/comments?post=36"}],"version-history":[{"count":58,"href":"https:\/\/aecmm.fr\/index.php\/wp-json\/wp\/v2\/pages\/36\/revisions"}],"predecessor-version":[{"id":1236,"href":"https:\/\/aecmm.fr\/index.php\/wp-json\/wp\/v2\/pages\/36\/revisions\/1236"}],"wp:attachment":[{"href":"https:\/\/aecmm.fr\/index.php\/wp-json\/wp\/v2\/media?parent=36"}],"curies":[{"name":"wp","href":"https:\/\/api.w.org\/{rel}","templated":true}]}}